{"id":2411,"date":"2020-11-01T16:47:59","date_gmt":"2020-11-01T19:47:59","guid":{"rendered":"https:\/\/des-scr.infd.edu.ar\/sitio\/?page_id=2411"},"modified":"2020-11-02T16:05:41","modified_gmt":"2020-11-02T19:05:41","slug":"diseno-curricular","status":"publish","type":"page","link":"https:\/\/des-scr.infd.edu.ar\/sitio\/diseno-curricular\/","title":{"rendered":"Dise\u00f1o Curricular"},"content":{"rendered":"<p>Profesorado de Artes Visuales Resoluci\u00f3n <a href=\"https:\/\/des-scr.infd.edu.ar\/aula\/archivos\/repositorio\/\/250\/354\/Artes_Visuales_Resolucion_2704_14.pdf\" target=\"_blank\" rel=\"noopener\">N\u00b0 2704\/14<\/a><\/p>\n<p>Profesorado de Artes Visuales Resoluci\u00f3n <a href=\"https:\/\/des-scr.infd.edu.ar\/aula\/archivos\/repositorio\/\/250\/355\/Artes_Visuales_Resolucion_2888_16.pdf\" target=\"_blank\" rel=\"noopener\">N\u00b0 2888\/16<\/a><\/p>\n<p>Profesorado de Educaci\u00f3n Especial Orientaci\u00f3n Discapacidad Intelectual Resoluci\u00f3n <a href=\"https:\/\/des-scr.infd.edu.ar\/aula\/archivos\/repositorio\/\/250\/356\/Educacion_Especial_DI_Resolucion_1846_14.pdf\" target=\"_blank\" rel=\"noopener\">N\u00b0 1846\/14<\/a><\/p>\n<p>Profesorado de Educaci\u00f3n Especial Orientaci\u00f3n Sordos e Hipoac\u00fasicos Resoluci\u00f3n <a href=\"https:\/\/des-scr.infd.edu.ar\/aula\/archivos\/repositorio\/\/250\/357\/Educacion_Especial_SeH_Resolucion_1846_14.pdf\" target=\"_blank\" rel=\"noopener\">N\u00b0 1846\/14<\/a><\/p>\n<p>Profesorado de Educaci\u00f3n Inicial <a href=\"https:\/\/des-scr.infd.edu.ar\/aula\/archivos\/repositorio\/\/250\/358\/Educacion_Inicial_Parte_I_Resolucion_3077_14.pdf\" target=\"_blank\" rel=\"noopener\">Parte I Resoluci\u00f3n N\u00b0 3077\/14<\/a><\/p>\n<p>Profesorado de Educaci\u00f3n Inicial <a href=\"https:\/\/des-scr.infd.edu.ar\/aula\/archivos\/repositorio\/\/250\/359\/Educacion_Inicial_Parte_II_Resolucion_3077_14.pdf\" target=\"_blank\" rel=\"noopener\">Parte II Resoluci\u00f3n N\u00b0 3077\/14<\/a><\/p>\n<p>Profesorado de Educaci\u00f3n Inicial <a href=\"https:\/\/des-scr.infd.edu.ar\/aula\/archivos\/repositorio\/\/250\/360\/Educacion_Inicial_Parte_III_Resolucion_3077_14.pdf\" target=\"_blank\" rel=\"noopener\">Parte III Resoluci\u00f3n N\u00b0 3077\/14<\/a><\/p>\n<p>Profesorado de Educaci\u00f3n Secundaria en Lengua y Literatura <a href=\"https:\/\/des-scr.infd.edu.ar\/aula\/archivos\/repositorio\/\/250\/361\/Educacion_Secundaria_en_Lengua_y_Literat_Parte_I_Resolucion_1959_15.pdf\" target=\"_blank\" rel=\"noopener\">Parte I Resoluci\u00f3n N\u00b0 1959\/15<\/a><\/p>\n<p>Profesorado de Educaci\u00f3n Secundaria en Lengua y Literatura <a href=\"https:\/\/des-scr.infd.edu.ar\/aula\/archivos\/repositorio\/\/250\/362\/Educacion_Secundaria_en_Lengua_y_Literat_Parte_II_Resolucion_1959_15.pdf\" target=\"_blank\" rel=\"noopener\">Parte II Resoluci\u00f3n N\u00b0 1959\/15<\/a><\/p>\n<p>Profesorado de Educaci\u00f3n Especial Orientaci\u00f3n Discapacidad Intelectual <a href=\"https:\/\/des-scr.infd.edu.ar\/aula\/archivos\/repositorio\/\/250\/363\/PROF.-ED.-ESPECIAL-O.D.-INTELECTUAL-Res-0295-19-CPE.pdf\" target=\"_blank\" rel=\"noopener\">Resoluci\u00f3n N\u00b0 0295\/19\/CPE<\/a><\/p>\n<p>Profesorado de Educaci\u00f3n Especial Orientaci\u00f3n Sordos e Hipoac\u00fasicos <a href=\"https:\/\/des-scr.infd.edu.ar\/aula\/archivos\/repositorio\/\/250\/364\/PROF.-ED.-ESPECIAL-O.D.-SORDOS-E-HIPOACUSICOS-Res.-0295-19-CPE.pdf\" target=\"_blank\" rel=\"noopener\">Resoluci\u00f3n N\u00b0 0295\/19\/CPE<\/a><\/p>\n<p>Profesorado de Ingl\u00e9s <a href=\"https:\/\/des-scr.infd.edu.ar\/aula\/archivos\/repositorio\/\/250\/365\/Profesorado_de_Ingles_Acuerdo_048_18_Homolog_Correlativ.pdf\" target=\"_blank\" rel=\"noopener\">Acuerdo N\u00b0 048\/18\/CPE\u00a0<\/a> Homologaci\u00f3n y Correlatividades<\/p>\n<p>Profesorado de Ingl\u00e9s <a href=\"https:\/\/des-scr.infd.edu.ar\/aula\/archivos\/repositorio\/\/250\/366\/Profesorado_de_Ingles_Parte_I_Resolucion_1194_15.pdf\" target=\"_blank\" rel=\"noopener\">Parte I Resoluci\u00f3n N\u00b0 1194\/15<\/a><\/p>\n<p>Profesorado de Ingl\u00e9s <a href=\"https:\/\/des-scr.infd.edu.ar\/aula\/archivos\/repositorio\/\/250\/367\/Profesorado_de_Ingles_Parte_II_Resolucion_1194_15.pdf\" target=\"_blank\" rel=\"noopener\">Parte II Resoluci\u00f3n N\u00b0 1194\/15<\/a><\/p>\n<p>Profesorado de M\u00fasica <a href=\"https:\/\/des-scr.infd.edu.ar\/aula\/archivos\/repositorio\/\/250\/368\/Profesorado_de_Musica_Acuerdo_069_12.pdf\" target=\"_blank\" rel=\"noopener\">Acuerdo N\u00b0 069\/12<\/a><\/p>\n<p>Profesorado de M\u00fasica <a href=\"https:\/\/des-scr.infd.edu.ar\/aula\/archivos\/repositorio\/\/250\/369\/Profesorado_de_Musica_Resolucion_2889_16.pdf\" target=\"_blank\" rel=\"noopener\">Resoluci\u00f3n N\u00b0 2889\/16<\/a><\/p>\n<p>Profesorado de Educaci\u00f3n Secundaria en Biolog\u00eda <a href=\"https:\/\/des-scr.infd.edu.ar\/aula\/archivos\/repositorio\/\/250\/370\/DC__BIOLOGIA_Ac_083__2015.pdf\" target=\"_blank\" rel=\"noopener\">Acuerdo N\u00b0 083\/15<\/a><\/p>\n<p>Profesorado de Teatro\u00a0<a href=\"https:\/\/des-scr.infd.edu.ar\/aula\/archivos\/repositorio\/\/250\/371\/DC_Teatro_RES_0221_19.pdf\" target=\"_blank\" rel=\"noopener\">Parte I Resoluci\u00f3n N\u00b0 0221\/19<\/a><\/p>\n<p>Profesorado de Teatro\u00a0<a href=\"https:\/\/des-scr.infd.edu.ar\/aula\/archivos\/repositorio\/\/250\/372\/RES_0221_19_II_1.pdf\" target=\"_blank\" rel=\"noopener\">Parte II Resoluci\u00f3n N\u00b0 0221\/19<\/a><\/p>\n","protected":false},"excerpt":{"rendered":"<p>Profesorado de Artes Visuales Resoluci\u00f3n N\u00b0 2704\/14 Profesorado de Artes Visuales Resoluci\u00f3n N\u00b0 2888\/16 Profesorado de Educaci\u00f3n Especial Orientaci\u00f3n Discapacidad Intelectual Resoluci\u00f3n N\u00b0 1846\/14 Profesorado de Educaci\u00f3n Especial Orientaci\u00f3n Sordos e Hipoac\u00fasicos Resoluci\u00f3n N\u00b0 1846\/14 Profesorado de Educaci\u00f3n Inicial Parte I Resoluci\u00f3n N\u00b0 3077\/14 Profesorado de Educaci\u00f3n Inicial Parte II Resoluci\u00f3n N\u00b0 3077\/14 Profesorado de &#8230; <a title=\"Dise\u00f1o Curricular\" class=\"read-more\" href=\"https:\/\/des-scr.infd.edu.ar\/sitio\/diseno-curricular\/\" aria-label=\"More on Dise\u00f1o Curricular\">[+]<\/a><\/p>\n","protected":false},"author":1130,"featured_media":0,"parent":0,"menu_order":0,"comment_status":"closed","ping_status":"closed","template":"","meta":[],"acf":[],"_links":{"self":[{"href":"https:\/\/des-scr.infd.edu.ar\/sitio\/wp-json\/wp\/v2\/pages\/2411"}],"collection":[{"href":"https:\/\/des-scr.infd.edu.ar\/sitio\/wp-json\/wp\/v2\/pages"}],"about":[{"href":"https:\/\/des-scr.infd.edu.ar\/sitio\/wp-json\/wp\/v2\/types\/page"}],"author":[{"embeddable":true,"href":"https:\/\/des-scr.infd.edu.ar\/sitio\/wp-json\/wp\/v2\/users\/1130"}],"replies":[{"embeddable":true,"href":"https:\/\/des-scr.infd.edu.ar\/sitio\/wp-json\/wp\/v2\/comments?post=2411"}],"version-history":[{"count":20,"href":"https:\/\/des-scr.infd.edu.ar\/sitio\/wp-json\/wp\/v2\/pages\/2411\/revisions"}],"predecessor-version":[{"id":2471,"href":"https:\/\/des-scr.infd.edu.ar\/sitio\/wp-json\/wp\/v2\/pages\/2411\/revisions\/2471"}],"wp:attachment":[{"href":"https:\/\/des-scr.infd.edu.ar\/sitio\/wp-json\/wp\/v2\/media?parent=2411"}],"curies":[{"name":"wp","href":"https:\/\/api.w.org\/{rel}","templated":true}]}}